{"id":2512,"date":"2021-01-10T20:04:33","date_gmt":"2021-01-10T18:04:33","guid":{"rendered":"https:\/\/www.ruralpedraforca.cat\/politique-de-confidentialite\/"},"modified":"2021-01-10T20:04:34","modified_gmt":"2021-01-10T18:04:34","slug":"politique-de-confidentialite","status":"publish","type":"page","link":"https:\/\/www.ruralpedraforca.cat\/fr\/politique-de-confidentialite\/","title":{"rendered":"Politique de confidentialit\u00e9"},"content":{"rendered":"<p>[et_pb_section fb_built=\u00a0\u00bb1&Prime; admin_label=\u00a0\u00bbHero\u00a0\u00bb _builder_version=\u00a0\u00bb4.5.6&Prime; background_image=\u00a0\u00bbhttps:\/\/www.ruralpedraforca.cat\/wp-content\/uploads\/2020\/08\/Cal-Jep-38-scaled.jpg\u00a0\u00bb background_enable_video_mp4=\u00a0\u00bboff\u00a0\u00bb custom_padding=\u00a0\u00bb10vw||0vw|||\u00a0\u00bb hover_enabled=\u00a0\u00bb0&Prime; alt=\u00a0\u00bbcasa rural saldes cal jep costa\u00a0\u00bb title_text=\u00a0\u00bbCal Jep-38&Prime;][et_pb_row _builder_version=\u00a0\u00bb3.25&Prime; background_size=\u00a0\u00bbinitial\u00a0\u00bb background_position=\u00a0\u00bbtop_left\u00a0\u00bb background_repeat=\u00a0\u00bbrepeat\u00a0\u00bb custom_padding=\u00a0\u00bb0px||84px|||\u00a0\u00bb][et_pb_column type=\u00a0\u00bb4_4&Prime; _builder_version=\u00a0\u00bb3.25&Prime; custom_padding=\u00a0\u00bb|||\u00a0\u00bb custom_padding__hover=\u00a0\u00bb|||\u00a0\u00bb][et_pb_cta button_url=\u00a0\u00bb#top\u00a0\u00bb _builder_version=\u00a0\u00bb4.5.6&Prime; header_font=\u00a0\u00bbYeseva One||||||||\u00a0\u00bb header_font_size=\u00a0\u00bb80px\u00a0\u00bb header_line_height=\u00a0\u00bb1.3em\u00a0\u00bb body_font=\u00a0\u00bbMontserrat|700|||||||\u00a0\u00bb body_text_color=\u00a0\u00bbrgba(47,56,84,0.5)\u00a0\u00bb body_font_size=\u00a0\u00bb22px\u00a0\u00bb body_line_height=\u00a0\u00bb1.9em\u00a0\u00bb use_background_color=\u00a0\u00bboff\u00a0\u00bb custom_button=\u00a0\u00bbon\u00a0\u00bb button_text_size=\u00a0\u00bb16px\u00a0\u00bb button_text_color=\u00a0\u00bb#ffffff\u00a0\u00bb button_bg_color=\u00a0\u00bb#2f3854&Prime; button_border_width=\u00a0\u00bb10px\u00a0\u00bb button_border_color=\u00a0\u00bbrgba(47,56,84,0)\u00a0\u00bb button_border_radius=\u00a0\u00bb60px\u00a0\u00bb button_letter_spacing=\u00a0\u00bb1px\u00a0\u00bb button_font=\u00a0\u00bbMontserrat|700||on|||||\u00a0\u00bb button_use_icon=\u00a0\u00bboff\u00a0\u00bb background_layout=\u00a0\u00bblight\u00a0\u00bb animation_style=\u00a0\u00bbzoom\u00a0\u00bb animation_direction=\u00a0\u00bbbottom\u00a0\u00bb animation_intensity_zoom=\u00a0\u00bb10%\u00a0\u00bb hover_enabled=\u00a0\u00bb0&Prime; header_font_size_tablet=\u00a0\u00bb\u00a0\u00bb header_font_size_phone=\u00a0\u00bb50px\u00a0\u00bb header_font_size_last_edited=\u00a0\u00bbon|phone\u00a0\u00bb button_text_color_hover=\u00a0\u00bb#ffffff\u00a0\u00bb button_border_radius_hover=\u00a0\u00bb66px\u00a0\u00bb button_letter_spacing_hover=\u00a0\u00bb1px\u00a0\u00bb button_bg_color_hover=\u00a0\u00bbrgba(47,56,84,0.9)\u00a0\u00bb button_text_size__hover_enabled=\u00a0\u00bboff\u00a0\u00bb button_one_text_size__hover_enabled=\u00a0\u00bboff\u00a0\u00bb button_two_text_size__hover_enabled=\u00a0\u00bboff\u00a0\u00bb button_text_color__hover_enabled=\u00a0\u00bbon\u00a0\u00bb button_text_color__hover=\u00a0\u00bb#ffffff\u00a0\u00bb button_one_text_color__hover_enabled=\u00a0\u00bboff\u00a0\u00bb button_two_text_color__hover_enabled=\u00a0\u00bboff\u00a0\u00bb button_border_width__hover_enabled=\u00a0\u00bboff\u00a0\u00bb button_one_border_width__hover_enabled=\u00a0\u00bboff\u00a0\u00bb button_two_border_width__hover_enabled=\u00a0\u00bboff\u00a0\u00bb button_border_color__hover_enabled=\u00a0\u00bboff\u00a0\u00bb button_one_border_color__hover_enabled=\u00a0\u00bboff\u00a0\u00bb button_two_border_color__hover_enabled=\u00a0\u00bboff\u00a0\u00bb button_border_radius__hover_enabled=\u00a0\u00bbon\u00a0\u00bb button_border_radius__hover=\u00a0\u00bb66px\u00a0\u00bb button_one_border_radius__hover_enabled=\u00a0\u00bboff\u00a0\u00bb button_two_border_radius__hover_enabled=\u00a0\u00bboff\u00a0\u00bb button_letter_spacing__hover_enabled=\u00a0\u00bbon\u00a0\u00bb button_letter_spacing__hover=\u00a0\u00bb1px\u00a0\u00bb button_one_letter_spacing__hover_enabled=\u00a0\u00bboff\u00a0\u00bb button_two_letter_spacing__hover_enabled=\u00a0\u00bboff\u00a0\u00bb button_bg_color__hover_enabled=\u00a0\u00bbon\u00a0\u00bb button_bg_color__hover=\u00a0\u00bbrgba(47,56,84,0.9)\u00a0\u00bb button_one_bg_color__hover_enabled=\u00a0\u00bboff\u00a0\u00bb button_two_bg_color__hover_enabled=\u00a0\u00bboff\u00a0\u00bb]<\/p>\n<p>Politique de confidentialit\u00e9<\/p>\n<p>[\/et_pb_cta][\/et_pb_column][\/et_pb_row][\/et_pb_section][et_pb_section fb_built=\u00a0\u00bb1&Prime; admin_label=\u00a0\u00bbBlog\u00a0\u00bb _builder_version=\u00a0\u00bb4.5.6&Prime; background_enable_image=\u00a0\u00bboff\u00a0\u00bb background_enable_video_mp4=\u00a0\u00bboff\u00a0\u00bb custom_padding=\u00a0\u00bb0vw|0px|0|0px|false|false\u00a0\u00bb][et_pb_row _builder_version=\u00a0\u00bb3.25&Prime;][et_pb_column type=\u00a0\u00bb4_4&Prime; _builder_version=\u00a0\u00bb3.25&Prime; custom_padding=\u00a0\u00bb|||\u00a0\u00bb custom_padding__hover=\u00a0\u00bb|||\u00a0\u00bb][et_pb_accordion _builder_version=\u00a0\u00bb4.5.6&Prime; _module_preset=\u00a0\u00bbdefault\u00a0\u00bb hover_enabled=\u00a0\u00bb0&Prime;][et_pb_accordion_item title=\u00a0\u00bbINTRODUCTION\u00a0\u00bb open=\u00a0\u00bbon\u00a0\u00bb _builder_version=\u00a0\u00bb4.5.6&Prime; _module_preset=\u00a0\u00bbdefault\u00a0\u00bb hover_enabled=\u00a0\u00bb0&Prime;]<\/p>\n<p>Votre confidentialit\u00e9 est importante pour nous, donc \u00e0 travers ce document, nous expliquons quelles donn\u00e9es nous recueillons aupr\u00e8s des utilisateurs, comment nous les utilisons et \u00e0 quelles fins, entre autres indications. Les personnes de plus de 14 ans peuvent s&rsquo;inscrire en tant qu&rsquo;utilisateurs sans le consentement pr\u00e9alable de leurs parents, tuteurs ou repr\u00e9sentants l\u00e9gaux. Dans le cas d&rsquo;enfants de moins de 14 ans ou identifi\u00e9s comme \u00ab\u00a0juridiquement incapables\u00a0\u00bb, nous aurons toujours besoin du consentement des parents, ou du tuteur ou repr\u00e9sentant l\u00e9gal.<\/p>\n<p>Pour votre information, nous ne demanderons jamais plus d&rsquo;informations que ce dont nous avons vraiment besoin pour les services requis; nous ne les partagerons jamais avec des tiers, sauf obligation l\u00e9gale ou avec leur autorisation pr\u00e9alable; et nous n&rsquo;utiliserons jamais vos donn\u00e9es \u00e0 des fins non mentionn\u00e9es pr\u00e9c\u00e9demment. En tant qu&rsquo;utilisateur, vous devez lire attentivement cette politique de confidentialit\u00e9 r\u00e9guli\u00e8rement, et chaque fois que vous entrez vos donn\u00e9es personnelles, car ce document peut \u00eatre sujet \u00e0 changement afin que le fournisseur puisse modifier toute information pouvant appara\u00eetre sur le site Web pour se conformer \u00e0 la r\u00e9glementation ou mettre \u00e0 jour la politique, et sans obligation de pr\u00e9-notifier ou d&rsquo;informer les utilisateurs de ces obligations, \u00e9tant suffisant pour \u00eatre publi\u00e9 sur le site Web du fournisseur.<\/p>\n<p>[\/et_pb_accordion_item][et_pb_accordion_item title=\u00a0\u00bbRESPONSABLE DU TRAITEMENT\u00a0\u00bb _builder_version=\u00a0\u00bb4.5.6&Prime; _module_preset=\u00a0\u00bbdefault\u00a0\u00bb hover_enabled=\u00a0\u00bb0&Prime; open=\u00a0\u00bboff\u00a0\u00bb]<\/p>\n<p><strong>Identit\u00e9: Marc Massana Rincon<\/strong> (\u00e9galement le pr\u00eateur)<\/p>\n<p><strong>NIF:<\/strong> 77742754S<\/p>\n<p><strong>Adresse postale:<\/strong> Cal Monjo s \/ n, 08699 Vallcebre, (Barcelone)<\/p>\n<p><strong>Courriel:<\/strong> info@ruralpedraforca.cat<\/p>\n<p><strong>Marc Massana Rincon<\/strong>, en tant que responsable du site Web, conform\u00e9ment aux dispositions du r\u00e8glement (UE) 2016\/679 du 27 avril 2016 (RGPD), de la loi organique 3\/2018 du 5 d\u00e9cembre (LOPDGDD) et autres dispositions l\u00e9gales en vigueur concernant la protection des donn\u00e9es personnelles, et par la loi 34\/2002 du 11 juillet sur les services de la soci\u00e9t\u00e9 de l&rsquo;information et le commerce \u00e9lectronique (LSSICE), vous informe qu&rsquo;elle a mis en \u0153uvre les mesures de s\u00e9curit\u00e9 n\u00e9cessaire, de nature technique et organisationnelle, pour garantir et prot\u00e9ger la confidentialit\u00e9, l&rsquo;int\u00e9grit\u00e9 et la disponibilit\u00e9 des donn\u00e9es saisies.<\/p>\n<p><strong>M\u00c9THODE D&rsquo;OBTENTION DES DONN\u00c9ES ET DES DONN\u00c9ES QUE NOUS COLLECTONS:<\/strong> Les donn\u00e9es que nous collectons et comment nous les obtenons sont les suivantes:<\/p>\n<ol>\n<li>en utilisant le <strong>formulaire de contact:<\/strong> nom, email, \u00e2ge, t\u00e9l\u00e9phone,<\/li>\n<li>en utilisant le <strong>formulaire d&rsquo;inscription:<\/strong> nom, email, \u00e2ge,<\/li>\n<li>en utilisant le <strong>formulaire d&rsquo;inscription \u00e0 la newsletter:<\/strong> nom, email,<\/li>\n<li>en utilisant le <strong>formulaire d&rsquo;inscription aux webinairs:<\/strong> num\u00e9ro, email,<\/li>\n<li>en vous <strong>abonnant au forum et \/ ou en faisant des commentaires sur celui-ci:<\/strong> nom, email,<\/li>\n<li>en <strong>t\u00e9l\u00e9chargeant du contenu en tant que membre:<\/strong> nom et email<\/li>\n<li>en utilisant <strong>le formulaire de collecte de donn\u00e9es pour le commerce \u00e9lectronique:<\/strong> nom, email et t\u00e9l\u00e9phone.<\/li>\n<\/ol>\n<p>Les cat\u00e9gories de donn\u00e9es sp\u00e9cialement prot\u00e9g\u00e9es ne sont pas couvertes.<\/p>\n<p>[\/et_pb_accordion_item][et_pb_accordion_item title=\u00a0\u00bbOBJET DU TRAITEMENT\u00a0\u00bb _builder_version=\u00a0\u00bb4.5.6&Prime; _module_preset=\u00a0\u00bbdefault\u00a0\u00bb hover_enabled=\u00a0\u00bb0&Prime; open=\u00a0\u00bboff\u00a0\u00bb]<\/p>\n<p>Vos donn\u00e9es personnelles ne seront utilis\u00e9es qu&rsquo;aux fins suivantes, en donnant votre consentement pour chacune des fins de la section correspondante du site Web:<\/p>\n<ol>\n<li><strong>formulaire de contact:<\/strong> pour r\u00e9pondre aux requ\u00eates et \/ ou fournir les informations requises par l&rsquo;Utilisateur;<\/li>\n<li><strong>formulaire d&rsquo;inscription:<\/strong> pour la cr\u00e9ation d&rsquo;un compte utilisateur et peut acc\u00e9der aux fonctionnalit\u00e9s du site;<\/li>\n<li><strong>formulaire d&rsquo;inscription \u00e0 la newsletter:<\/strong> pour envoyer des communications publicitaires commerciales par e-mail, SMS, communaut\u00e9s sociales ou tout autre moyen \u00e9lectronique ou physique, dans le cas o\u00f9 l&rsquo;utilisateur y aurait express\u00e9ment consenti;<\/li>\n<li><strong>formulaire d&rsquo;inscription au webinaire:<\/strong> pour l&rsquo;int\u00e9grer \u00e0 notre webinaire;<\/li>\n<li><strong>abonnement au forum et \/ ou commentaires sur celui-ci:<\/strong> lorsque l&rsquo;utilisateur s&rsquo;est inscrit sur le blog, il pourra commenter au sein du forum, \u00e0 la fois pour poser des questions et pour r\u00e9pondre \u00e0 des questions;<\/li>\n<li><strong>t\u00e9l\u00e9charger du contenu en tant que membre<\/strong> pour mettre \u00e0 jour et soumettre du contenu en tant qu&rsquo;abonn\u00e9;<\/li>\n<li><strong>Si vous souscrivez au service \/ achetez<\/strong> le produit via notre site Web www.ruralpedraforca.cat, nous vous demanderons de nous fournir des informations vous concernant, y compris votre nom, vos coordonn\u00e9es et des informations sur une carte de cr\u00e9dit ou de d\u00e9bit.<\/li>\n<li><strong>Autres buts:<\/strong><\/li>\n<\/ol>\n<p>o Effectuer les d\u00e9marches commerciales, administratives, fiscales et comptables n\u00e9cessaires en vertu de la l\u00e9gislation en vigueur;<\/p>\n<p>o Conna\u00eetre votre opinion et am\u00e9liorer les services fournis par le web;<\/p>\n<p>o R\u00e9alisation de profils et utilisabilit\u00e9 du site, \u00e0 travers des cookies (mentionn\u00e9s dans la politique de cookies)<\/p>\n<p>o R\u00e9seaux sociaux: la section correspondante pr\u00e9cise l&rsquo;utilisation des r\u00e9seaux sociaux<\/p>\n<p>UTILISATION DES PHOTOGRAPHIES: Les photographies mises en ligne sur le site sont la propri\u00e9t\u00e9 de Marc Massana Rincon, y compris celles de mineurs, sur lesquelles, pour les obtenir, l&rsquo;accord pr\u00e9alable des parents, tuteurs ou repr\u00e9sentants l\u00e9gaux a \u00e9t\u00e9 obtenu par l&rsquo;interm\u00e9diaire la signature des formulaires \u00e9tablis \u00e0 cet effet par les centres dont font partie les mineurs. Cependant, les parents, tuteurs ou repr\u00e9sentants des mineurs, en tant que titulaires de l&rsquo;exercice de leurs droits, et toujours sur demande formelle \u00e9crite, peuvent indiquer le refus d&rsquo;utiliser l&rsquo;image du mineur; dans ce cas, l&rsquo;image sera pix\u00e9lis\u00e9e.<\/p>\n<p>Vous pouvez r\u00e9voquer votre consentement \u00e0 tout moment en envoyant une lettre avec le sujet \u00abSe d\u00e9sabonner\u00bb \u00e0 EMAIL.<\/p>\n<p>Selon le LSSICE, Marc Massana Rincon n&rsquo;effectue pas de pratiques SPAM, par cons\u00e9quent, il n&rsquo;envoie pas d&rsquo;e-mails commerciaux par e-mail qui n&rsquo;ont pas \u00e9t\u00e9 pr\u00e9alablement demand\u00e9s ou autoris\u00e9s par l&rsquo;Utilisateur. Par cons\u00e9quent, dans toutes les communications re\u00e7ues du fournisseur, l&rsquo;utilisateur a la possibilit\u00e9 d&rsquo;annuler son consentement expr\u00e8s \u00e0 recevoir nos communications.<\/p>\n<p>Nous ne traiterons vos donn\u00e9es personnelles \u00e0 aucune autre fin que celles d\u00e9crites sauf par obligation l\u00e9gale ou d\u00e9cision de justice.<\/p>\n<p>Vous ne serez pas soumis \u00e0 des d\u00e9cisions bas\u00e9es sur un traitement automatis\u00e9 qui affecterait vos donn\u00e9es.<\/p>\n<p>[\/et_pb_accordion_item][et_pb_accordion_item title=\u00a0\u00bbL\u00c9GITIMATION DU TRAITEMENT\u00a0\u00bb _builder_version=\u00a0\u00bb4.5.6&Prime; _module_preset=\u00a0\u00bbdefault\u00a0\u00bb hover_enabled=\u00a0\u00bb0&Prime; open=\u00a0\u00bboff\u00a0\u00bb]<\/p>\n<p>La base juridique du traitement des donn\u00e9es est votre consentement donn\u00e9 au moment de la transmission de vos donn\u00e9es dans le formulaire correspondant pour r\u00e9aliser les finalit\u00e9s, au moment de cocher la case.<\/p>\n<p>L&rsquo;offre prospective ou commerciale de produits et services est bas\u00e9e sur le consentement demand\u00e9, sans en aucun cas le retrait de ce consentement conditionnant l&rsquo;ex\u00e9cution du contrat d&rsquo;abonnement.<\/p>\n<p>Le d\u00e9faut de fournir les donn\u00e9es personnelles demand\u00e9es ou le refus d&rsquo;accepter cette politique de confidentialit\u00e9 signifie l&rsquo;impossibilit\u00e9 d&rsquo;atteindre les objectifs d\u00e9crits ci-dessus.<\/p>\n<p>Dans les cas o\u00f9 il existe une relation contractuelle ant\u00e9rieure entre les parties, la l\u00e9gitimit\u00e9 pour le d\u00e9veloppement des obligations administratives, fiscales, comptables et de travail qui sont n\u00e9cessaires en vertu de la l\u00e9gislation en vigueur sera <strong>l&rsquo;existence pr\u00e9alable de la relation d&rsquo;affaires<\/strong> \u00e9tablie entre les parties.<\/p>\n<p>[\/et_pb_accordion_item][et_pb_accordion_item title=\u00a0\u00bbDUR\u00c9E DE CONSERVATION DES DONN\u00c9ES\u00a0\u00bb _builder_version=\u00a0\u00bb4.5.6&Prime; _module_preset=\u00a0\u00bbdefault\u00a0\u00bb hover_enabled=\u00a0\u00bb0&Prime; open=\u00a0\u00bboff\u00a0\u00bb]<\/p>\n<p>Vos donn\u00e9es seront conserv\u00e9es pendant toute la dur\u00e9e de la relation commerciale avec nous ou vous exercez votre droit de r\u00e9tractation ou d&rsquo;opposition, ou de limitation de traitement. Cependant, nous conserverons vos donn\u00e9es dans les d\u00e9lais pr\u00e9vus par les dispositions applicables.<\/p>\n<p>[\/et_pb_accordion_item][et_pb_accordion_item title=\u00a0\u00bbB\u00c9N\u00c9FICIAIRES DE CESSIONS OU DE TRANSFERTS\u00a0\u00bb _builder_version=\u00a0\u00bb4.5.6&Prime; _module_preset=\u00a0\u00bbdefault\u00a0\u00bb hover_enabled=\u00a0\u00bb0&Prime; open=\u00a0\u00bboff\u00a0\u00bb]<\/p>\n<p>Marc Massana Rincon n&rsquo;effectue aucun transfert ou communication de donn\u00e9es \u00e0 l&rsquo;int\u00e9rieur ou \u00e0 l&rsquo;ext\u00e9rieur de l&rsquo;UE. Le fournisseur ne fournira des informations aux forces et organes de s\u00e9curit\u00e9 que sur d\u00e9cision de justice ou par obligation d&rsquo;une r\u00e8gle l\u00e9gale, sans pr\u00e9judice de la possibilit\u00e9 de bloquer ou d&rsquo;annuler son compte s&rsquo;il peut y avoir des indices de la commission d&rsquo;un crime pour une partie de l&rsquo;utilisateur. Les informations fournies seront uniquement celles actuellement disponibles pour le fournisseur.<\/p>\n<p>Les informations que vous nous fournissez via ce site Web seront h\u00e9berg\u00e9es sur les serveurs de Marc Massana Rincon, sous contrat avec la soci\u00e9t\u00e9 qui fournit le service d&rsquo;h\u00e9bergement Web. Le traitement des donn\u00e9es de l&rsquo;entit\u00e9 est r\u00e9gi par un contrat en charge du traitement entre le fournisseur et cette soci\u00e9t\u00e9. En aucun cas, ce responsable du traitement ne sous-traitera des services impliquant un traitement de donn\u00e9es par des tiers sans notre consentement pr\u00e9alable.<\/p>\n<p>[\/et_pb_accordion_item][et_pb_accordion_item title=\u00a0\u00bbDROITS DES PARTIES INT\u00c9RESS\u00c9ES\u00a0\u00bb _builder_version=\u00a0\u00bb4.5.6&Prime; _module_preset=\u00a0\u00bbdefault\u00a0\u00bb hover_enabled=\u00a0\u00bb0&Prime; open=\u00a0\u00bboff\u00a0\u00bb]<\/p>\n<p>En tant qu&rsquo;utilisateur int\u00e9ress\u00e9, vous pouvez demander l&rsquo;exercice des droits suivants aupr\u00e8s de Marc Massana Rincon en soumettant un courrier \u00e0 l&rsquo;adresse postale de la rubrique ou en envoyant un email \u00e0 info@ruralpedraforca.cat, en indiquant comme Objet: \u00ab\u00a0PROTECTION DES DONN\u00c9ES: DROITS DES PARTIES INT\u00c9RESS\u00c9ES \u00ab\u00a0, et en joignant une photocopie de leur DNI ou tout autre moyen similaire dans la loi, comme indiqu\u00e9 par la loi.<\/p>\n<p>Droits:<\/p>\n<ul>\n<li><strong>Droit d&rsquo;acc\u00e8s:<\/strong> permet \u00e0 l&rsquo;int\u00e9ress\u00e9 de conna\u00eetre et d&rsquo;obtenir des informations sur ses donn\u00e9es personnelles faisant l&rsquo;objet d&rsquo;un traitement.<\/li>\n<li><strong>Droit de rectification ou de suppression:<\/strong> permet de corriger les erreurs et de modifier les donn\u00e9es qui s&rsquo;av\u00e8rent inexactes ou incompl\u00e8tes.<\/li>\n<li><strong>Droit de r\u00e9tractation:<\/strong> permet la suppression de donn\u00e9es inappropri\u00e9es ou excessives.<\/li>\n<li><strong>Droit d&rsquo;opposition:<\/strong> droit de l&rsquo;int\u00e9ress\u00e9 de ne pas effectuer le traitement de ses donn\u00e9es personnelles ou de cesser le traitement<\/li>\n<li><strong>Limitation du traitement:<\/strong> implique le marquage des donn\u00e9es personnelles conserv\u00e9es, afin de limiter leur traitement futur, pour l&rsquo;exercice ou la d\u00e9fense de r\u00e9clamations.<\/li>\n<li><strong>Portabilit\u00e9 des donn\u00e9es:<\/strong> mise \u00e0 disposition des donn\u00e9es faisant l&rsquo;objet du traitement \u00e0 l&rsquo;int\u00e9ress\u00e9, afin qu&rsquo;il puisse les transmettre \u00e0 un autre responsable, sans entraves.<\/li>\n<li><strong>Droit de ne pas \u00eatre soumis \u00e0 des d\u00e9cisions individuelles automatis\u00e9es (y compris le profilage):<\/strong> Droit de ne pas \u00eatre soumis \u00e0 une d\u00e9cision bas\u00e9e sur un traitement automatis\u00e9 qui a des effets ou des effets importants.<\/li>\n<\/ul>\n<p>En tant qu&rsquo;utilisateur, vous avez le droit de retirer votre consentement \u00e0 tout moment. Le retrait du consentement n&rsquo;affectera pas la l\u00e9galit\u00e9 du traitement effectu\u00e9 avant le retrait du consentement.<\/p>\n<p>Vous avez \u00e9galement le droit de d\u00e9poser une plainte aupr\u00e8s de l&rsquo;autorit\u00e9 de contr\u00f4le si vous consid\u00e9rez que vos droits en mati\u00e8re de protection de vos donn\u00e9es peuvent avoir \u00e9t\u00e9 viol\u00e9s (aepd.es).<\/p>\n<p>[\/et_pb_accordion_item][et_pb_accordion_item title=\u00a0\u00bbMESURES DE S\u00c9CURIT\u00c9\u00a0\u00bb _builder_version=\u00a0\u00bb4.5.6&Prime; _module_preset=\u00a0\u00bbdefault\u00a0\u00bb hover_enabled=\u00a0\u00bb0&Prime;]<\/p>\n<p>Les donn\u00e9es que vous nous fournissez seront trait\u00e9es de mani\u00e8re confidentielle. Le fournisseur a adopt\u00e9 toutes les mesures techniques et organisationnelles et tous les niveaux de protection n\u00e9cessaires pour assurer la s\u00e9curit\u00e9 dans le traitement des donn\u00e9es et emp\u00eacher leur alt\u00e9ration, perte, vol, traitement ou acc\u00e8s non autoris\u00e9, selon l&rsquo;\u00e9tat de la technologie et de la nature des donn\u00e9es stock\u00e9es. De m\u00eame, il est \u00e9galement garanti que le traitement et l&rsquo;enregistrement dans les fichiers, programmes, syst\u00e8mes ou \u00e9quipements, locaux et centres sont conformes aux exigences et conditions d&rsquo;int\u00e9grit\u00e9 et de s\u00e9curit\u00e9 \u00e9tablies dans la r\u00e9glementation en vigueur.<\/p>\n<p>[\/et_pb_accordion_item][et_pb_accordion_item title=\u00a0\u00bbLANGUE\u00a0\u00bb _builder_version=\u00a0\u00bb4.5.6&Prime; _module_preset=\u00a0\u00bbdefault\u00a0\u00bb hover_enabled=\u00a0\u00bb0&Prime;]<\/p>\n<p>La langue applicable \u00e0 cette politique de confidentialit\u00e9 est le catalan. Par cons\u00e9quent, en cas de contradiction dans l&rsquo;une des versions fournies dans d&rsquo;autres langues, la version catalane pr\u00e9vaudra.<\/p>\n<p>[\/et_pb_accordion_item][et_pb_accordion_item title=\u00a0\u00bbANALYSE DE PROFIL\u00a0\u00bb _builder_version=\u00a0\u00bb4.5.6&Prime; _module_preset=\u00a0\u00bbdefault\u00a0\u00bb hover_enabled=\u00a0\u00bb0&Prime;]<\/p>\n<p>Les informations fournies dans les diff\u00e9rents formulaires, lors de l&rsquo;interaction avec le site et toutes autres donn\u00e9es fournies lors de la navigation, y compris les informations fournies par les cookies en relation avec les habitudes de navigation, impliquent l&rsquo;acceptation du traitement de ces donn\u00e9es, afin de \u00e0 segmenter ou \u00e0 cat\u00e9goriser afin de les appliquer \u00e0 l&rsquo;activit\u00e9 li\u00e9e \u00e0 la gestion de l&rsquo;administration g\u00e9n\u00e9rale, de l&rsquo;information, de la commercialisation d&rsquo;espaces publicitaires, \u00e9laborer des profils, analyse des propositions demand\u00e9es par les utilisateurs \/ clients, \u00e9tude statistique des services et contenus utilis\u00e9s, des go\u00fbts et des pr\u00e9f\u00e9rences, des sondages ou des formulaires. Les donn\u00e9es utilis\u00e9es dans l&rsquo;\u00e9laboration de ces profils ne sont pas des donn\u00e9es permettant d&rsquo;identifier les utilisateurs mais elles ne montrent que dans un graphique le type de public qui interagit avec le Web, l&rsquo;\u00e2ge, le pays, le tri, etc.<\/p>\n<p>L&rsquo;utilisateur qui acc\u00e8de \u00e0 ce site Web consent explicitement \u00e0 l&rsquo;utilisation de ces informations g\u00e9n\u00e9riques pour le profilage, la segmentation et la cat\u00e9gorisation des donn\u00e9es aux fins d\u00e9crites dans la section pr\u00e9c\u00e9dente.<\/p>\n<p>[\/et_pb_accordion_item][et_pb_accordion_item title=\u00a0\u00bbR\u00c9SEAUX SOCIAUX\u00a0\u00bb _builder_version=\u00a0\u00bb4.5.6&Prime; _module_preset=\u00a0\u00bbdefault\u00a0\u00bb hover_enabled=\u00a0\u00bb0&Prime;]<\/p>\n<p>Nous vous informons que Marc Massana Rincon peut \u00eatre pr\u00e9sent sur les r\u00e9seaux sociaux. Le traitement des donn\u00e9es effectu\u00e9 par des personnes devenant abonn\u00e9s sur les r\u00e9seaux sociaux (et \/ ou effectuant tout lien ou action de connexion via les r\u00e9seaux sociaux) des pages officielles de Marc Massana Rincon sera r\u00e9gi par cette section, ainsi que pour les conditions d&rsquo;utilisation, les politiques de confidentialit\u00e9 et les r\u00e9glementations d&rsquo;acc\u00e8s appartenant au r\u00e9seau social qui s&rsquo;appliquent dans chaque cas et pr\u00e9alablement accept\u00e9es par l&rsquo;utilisateur.<\/p>\n<p>Marc Massana Rincon traitera vos donn\u00e9es afin de g\u00e9rer correctement votre pr\u00e9sence sur le r\u00e9seau social, en vous informant des activit\u00e9s, produits ou services du fournisseur, ainsi qu&rsquo;\u00e0 toute autre fin que la r\u00e9glementation des r\u00e9seaux sociaux permet.<\/p>\n<p>La publication de contenus est interdite:<\/p>\n<p>&#8211;\u00a0\u00a0\u00a0\u00a0\u00a0\u00a0\u00a0\u00a0\u00a0\u00a0\u00a0\u00a0\u00a0\u00a0\u00a0Qu&rsquo;ils sont pr\u00e9sum\u00e9s illicites au regard du droit national, communautaire ou international ou qu&rsquo;ils m\u00e8nent des activit\u00e9s pr\u00e9sum\u00e9es illicites ou enfreignent les principes de bonne foi.<\/p>\n<p>&#8211;\u00a0 \u00a0 \u00a0 \u00a0 \u00a0 \u00a0 \u00a0 \u00a0Qui portent atteinte aux droits fondamentaux des personnes, manquent de courtoisie sur le r\u00e9seau, d\u00e9rangent ou peuvent g\u00e9n\u00e9rer des opinions n\u00e9gatives chez nos utilisateurs ou des tiers et en g\u00e9n\u00e9ral tout contenu que Marc Massana Rincon juge inappropri\u00e9.<\/p>\n<p>&#8211;\u00a0 \u00a0 \u00a0 \u00a0 \u00a0 \u00a0 \u00a0 \u00a0Et en g\u00e9n\u00e9ral qui contreviennent aux principes de l\u00e9galit\u00e9, d&rsquo;honn\u00eatet\u00e9, de responsabilit\u00e9, de protection de la dignit\u00e9 humaine, de protection des mineurs, de protection de l&rsquo;ordre public, de protection de la vie priv\u00e9e, de protection des consommateurs et des droits de propri\u00e9t\u00e9 intellectuelle. didactique et industriel.<\/p>\n<p>\u00c9galement, Marc Massana Rincon se r\u00e9serve le droit de supprimer, sans pr\u00e9avis du site Web ou du r\u00e9seau social d&rsquo;entreprise, les contenus jug\u00e9s inappropri\u00e9s.<\/p>\n<p>Dans tous les cas, si vous envoie des informations personnelles via le r\u00e9seau social, Marc Massana Rincon sera exon\u00e9r\u00e9 de toute responsabilit\u00e9 quant aux mesures de s\u00e9curit\u00e9 applicables \u00e0 cette plateforme et l&rsquo;utilisateur, s&rsquo;il souhaite les conna\u00eetre, devra consulter les conditions particuli\u00e8res correspondantes de le r\u00e9seau en question.<\/p>\n<p>[\/et_pb_accordion_item][et_pb_accordion_item title=\u00a0\u00bbLIVRAISON DE CV \/ R\u00c9SUM\u00c9\u00a0\u00bb _builder_version=\u00a0\u00bb4.5.6&Prime; _module_preset=\u00a0\u00bbdefault\u00a0\u00bb hover_enabled=\u00a0\u00bb0&Prime;]<\/p>\n<p>Dans le cas o\u00f9 l&rsquo;utilisateur soumettrait son CV via notre site Web, nous vous informons que les donn\u00e9es fournies seront trait\u00e9es pour l&rsquo;int\u00e9grer aux processus de s\u00e9lection qui peuvent avoir lieu, en effectuant une analyse du profil du candidat. afin de s\u00e9lectionner le meilleur candidat pour le poste vacant de Manager. Veuillez noter qu&rsquo;il s&rsquo;agit de la seule proc\u00e9dure officielle d&rsquo;acceptation de votre CV, donc les CV soumis par une proc\u00e9dure diff\u00e9rente ne seront pas accept\u00e9s. En cas de modification des donn\u00e9es, veuillez nous en informer par \u00e9crit dans les plus brefs d\u00e9lais, afin que vos donn\u00e9es soient correctement mises \u00e0 jour.<\/p>\n<p>Les donn\u00e9es seront conserv\u00e9es pendant une dur\u00e9e maximale d&rsquo;un an au terme de laquelle les donn\u00e9es seront supprim\u00e9es, garantissant un respect total de la confidentialit\u00e9 tant dans le traitement que dans sa destruction ult\u00e9rieure. En ce sens, apr\u00e8s cette p\u00e9riode, et si vous souhaitez continuer \u00e0 participer aux processus de s\u00e9lection du G\u00e9rant, veuillez nous renvoyer votre CV.<\/p>\n<p>Les donn\u00e9es peuvent \u00eatre trait\u00e9es et \/ ou communiqu\u00e9es aux soci\u00e9t\u00e9s membres de notre groupe pendant la dur\u00e9e de conservation de leur curriculum vitae et aux m\u00eames fins pr\u00e9c\u00e9demment rapport\u00e9es.<\/p>\n<p>[\/et_pb_accordion_item][et_pb_accordion_item title=\u00a0\u00bbABONNEMENT AU BLOG\u00a0\u00bb _builder_version=\u00a0\u00bb4.5.6&Prime; _module_preset=\u00a0\u00bbdefault\u00a0\u00bb hover_enabled=\u00a0\u00bb0&Prime;]<\/p>\n<p>Dans le cas o\u00f9 l&rsquo;utilisateur s&rsquo;abonne au blog, nous vous informons que les donn\u00e9es fournies seront trait\u00e9es pour g\u00e9rer votre abonnement au blog d&rsquo;information avec un avis de mise \u00e0 jour et seront conserv\u00e9es tant qu&rsquo;il y aura un int\u00e9r\u00eat mutuel \u00e0 maintenir la fin du traitement. . Lorsqu&rsquo;elles ne sont plus n\u00e9cessaires \u00e0 cette fin, elles seront supprim\u00e9es avec des mesures de s\u00e9curit\u00e9 appropri\u00e9es pour assurer la pseudonymisation des donn\u00e9es ou leur destruction totale. Les donn\u00e9es ne seront pas communiqu\u00e9es \u00e0 des tiers, \u00e0 l&rsquo;exception des obligations l\u00e9gales.<\/p>\n<p>[\/et_pb_accordion_item][et_pb_accordion_item title=\u00a0\u00bbPARTICIPATION AUX FORUMS\u00a0\u00bb _builder_version=\u00a0\u00bb4.5.6&Prime; _module_preset=\u00a0\u00bbdefault\u00a0\u00bb hover_enabled=\u00a0\u00bb0&Prime;]<\/p>\n<p>Dans le cas o\u00f9 l&rsquo;utilisateur souhaite participer aux forums du site, nous vous informons que les donn\u00e9es fournies seront trait\u00e9es pour r\u00e9glementer la participation au forum. Toute inscription ou transmission de donn\u00e9es personnelles fournies par l&rsquo;utilisateur de ce forum implique la connaissance et l&rsquo;acceptation sans \u00e9quivoque des mentions l\u00e9gales et de la politique de confidentialit\u00e9 \u00e9nonc\u00e9es sur le site. Les donn\u00e9es seront conserv\u00e9es tant qu&rsquo;il y aura un int\u00e9r\u00eat mutuel \u00e0 maintenir la fin du traitement et lorsqu&rsquo;elles ne seront plus n\u00e9cessaires \u00e0 cette fin, elles seront supprim\u00e9es avec des mesures de s\u00e9curit\u00e9 appropri\u00e9es pour assurer la pseudonymisation des donn\u00e9es (le cas \u00e9ch\u00e9ant) ou leur destruction totale. . Les messages seront affich\u00e9s publiquement aux utilisateurs du forum en ligne.<\/p>\n<p>Marc Massana Rincon n&rsquo;est pas responsable de tout contenu publi\u00e9 sur le forum entr\u00e9 par un utilisateur enregistr\u00e9. Le contenu publi\u00e9 n&rsquo;exprime que le point de vue de son auteur. L&rsquo;auteur du commentaire s&rsquo;engage \u00e0 ne pas utiliser ce blog pour publier ou cr\u00e9er un lien vers un contenu diffamatoire, abusif, haineux, mena\u00e7ant, offensant, abusif, du spam ou similaire, du contenu pour adultes ou qui enfreint le droit d&rsquo;auteur ou loi et ordre public en g\u00e9n\u00e9ral. Si les commentaires t\u00e9l\u00e9charg\u00e9s, de l&rsquo;avis des mod\u00e9rateurs, sont consid\u00e9r\u00e9s comme pr\u00e9judiciables et \/ ou enfreignent les droits de tiers ou la loi, ils peuvent \u00eatre supprim\u00e9s sans explication.<\/p>\n<p>[\/et_pb_accordion_item][et_pb_accordion_item title=\u00a0\u00bbPUBLICATION DE VOTRE T\u00c9MOIGNAGE\u00a0\u00bb _builder_version=\u00a0\u00bb4.5.6&Prime; _module_preset=\u00a0\u00bbdefault\u00a0\u00bb hover_enabled=\u00a0\u00bb0&Prime;]<\/p>\n<p>Dans le cas o\u00f9 l&rsquo;utilisateur souhaiterait publier son avis sur le site, nous vous informons que les donn\u00e9es fournies seront trait\u00e9es pour r\u00e9pondre aux suggestions, exp\u00e9riences ou opinions propos\u00e9es concernant les produits et \/ ou services \u00e0 publier sur le site et ainsi de suite. \u00eatre en mesure d&rsquo;aider d&rsquo;autres utilisateurs. Les donn\u00e9es seront conserv\u00e9es aussi longtemps qu&rsquo;il y aura un int\u00e9r\u00eat mutuel \u00e0 maintenir la fin du traitement et lorsqu&rsquo;elles ne seront plus n\u00e9cessaires \u00e0 cette fin, elles seront supprim\u00e9es avec des mesures de s\u00e9curit\u00e9 appropri\u00e9es pour assurer la pseudonymisation des donn\u00e9es ou leur destruction totale. Des t\u00e9moignages seront publi\u00e9s sur notre site Web. Les seules donn\u00e9es personnelles qui seront publi\u00e9es sur le t\u00e9moin seront son nom.<\/p>\n<p>[\/et_pb_accordion_item][et_pb_accordion_item title=\u00a0\u00bbMODIFICATIONS DE CETTE POLITIQUE DE CONFIDENTIALIT\u00c9\u00a0\u00bb _builder_version=\u00a0\u00bb4.5.6&Prime; _module_preset=\u00a0\u00bbdefault\u00a0\u00bb hover_enabled=\u00a0\u00bb0&Prime;]<\/p>\n<p>Marc Massana Rincon se r\u00e9serve le droit de modifier cette politique pour l&rsquo;adapter \u00e0 la nouvelle l\u00e9gislation ou \u00e0 la jurisprudence.<\/p>\n<p>[\/et_pb_accordion_item][et_pb_accordion_item title=\u00a0\u00bbR\u00c9VOCABILIT\u00c9\u00a0\u00bb _builder_version=\u00a0\u00bb4.5.6&Prime; _module_preset=\u00a0\u00bbdefault\u00a0\u00bb hover_enabled=\u00a0\u00bb0&Prime;]<\/p>\n<p>Le consentement donn\u00e9, tant pour le traitement que pour le transfert des donn\u00e9es des parties int\u00e9ress\u00e9es, peut \u00eatre r\u00e9voqu\u00e9 \u00e0 tout moment en le communiquant \u00e0 Marc Massana Rincon dans les termes \u00e9tablis dans la pr\u00e9sente Politique pour l&rsquo;exercice des droits. Cette r\u00e9vocation ne sera en aucun cas r\u00e9troactive.<\/p>\n<p>[\/et_pb_accordion_item][et_pb_accordion_item title=\u00a0\u00bbL\u00c9GISLATION\u00a0\u00bb _builder_version=\u00a0\u00bb4.5.6&Prime; _module_preset=\u00a0\u00bbdefault\u00a0\u00bb hover_enabled=\u00a0\u00bb0&Prime;]<\/p>\n<p>De mani\u00e8re g\u00e9n\u00e9rale, les relations entre Marc Massana Rincon et les Utilisateurs de ses services t\u00e9l\u00e9matiques, pr\u00e9sents sur ce site, sont soumises \u00e0 la l\u00e9gislation et \u00e0 la juridiction espagnoles auxquelles les parties se soumettent express\u00e9ment, \u00e9tant comp\u00e9tentes pour la r\u00e9solution de tous les conflits en r\u00e9sultant. ou li\u00e9 \u00e0 son utilisation par les cours et tribunaux de Barcelone.<\/p>\n<p>[\/et_pb_accordion_item][\/et_pb_accordion][\/et_pb_column][\/et_pb_row][\/et_pb_section]<\/p>\n","protected":false},"excerpt":{"rendered":"<p>Politique de confidentialit\u00e9 Votre confidentialit\u00e9 est importante pour nous, donc \u00e0 travers ce document, nous expliquons quelles donn\u00e9es nous recueillons aupr\u00e8s des utilisateurs, comment nous les utilisons et \u00e0 quelles fins, entre autres indications. Les personnes de plus de 14 ans peuvent s&rsquo;inscrire en tant qu&rsquo;utilisateurs sans le consentement pr\u00e9alable de leurs parents, tuteurs ou [&hellip;]<\/p>\n","protected":false},"author":1,"featured_media":0,"parent":0,"menu_order":0,"comment_status":"closed","ping_status":"closed","template":"","meta":{"_et_pb_use_builder":"on","_et_pb_old_content":"","_et_gb_content_width":"","footnotes":""},"class_list":["post-2512","page","type-page","status-publish","hentry"],"_links":{"self":[{"href":"https:\/\/www.ruralpedraforca.cat\/fr\/wp-json\/wp\/v2\/pages\/2512","targetHints":{"allow":["GET"]}}],"collection":[{"href":"https:\/\/www.ruralpedraforca.cat\/fr\/wp-json\/wp\/v2\/pages"}],"about":[{"href":"https:\/\/www.ruralpedraforca.cat\/fr\/wp-json\/wp\/v2\/types\/page"}],"author":[{"embeddable":true,"href":"https:\/\/www.ruralpedraforca.cat\/fr\/wp-json\/wp\/v2\/users\/1"}],"replies":[{"embeddable":true,"href":"https:\/\/www.ruralpedraforca.cat\/fr\/wp-json\/wp\/v2\/comments?post=2512"}],"version-history":[{"count":0,"href":"https:\/\/www.ruralpedraforca.cat\/fr\/wp-json\/wp\/v2\/pages\/2512\/revisions"}],"wp:attachment":[{"href":"https:\/\/www.ruralpedraforca.cat\/fr\/wp-json\/wp\/v2\/media?parent=2512"}],"curies":[{"name":"wp","href":"https:\/\/api.w.org\/{rel}","templated":true}]}}